{"id":981,"date":"2016-05-10T10:29:56","date_gmt":"2016-05-10T13:29:56","guid":{"rendered":"http:\/\/www.reserve-tresor.fr\/nl\/?page_id=981"},"modified":"2018-03-04T17:22:56","modified_gmt":"2018-03-04T20:22:56","slug":"aanwezige-soorten","status":"publish","type":"page","link":"https:\/\/www.reserve-tresor.fr\/nl\/documenten\/aanwezige-soorten\/","title":{"rendered":"Aanwezige soorten"},"content":{"rendered":"<ul>\n<li><a href=\"http:\/\/www.reserve-tresor.fr\/wp-content\/uploads\/2014\/09\/Liste_amphibiens_reptiles_RNRTresor_2014_OK.pdf\" target=\"_blank\">Amfibie\u00ebn en reptielen<\/a><\/li>\n<li><a href=\"http:\/\/www.reserve-tresor.fr\/wp-content\/uploads\/2014\/09\/liste_botanique_RNRTresor_2014_OK.pdf\" target=\"_blank\">Flora<\/a><\/li>\n<li><a href=\"http:\/\/www.reserve-tresor.fr\/wp-content\/uploads\/2014\/09\/liste_chiropteres_RNRTresor_2014_OK.pdf\" target=\"_blank\">Vleermuizen<\/a><\/li>\n<li><a href=\"http:\/\/www.reserve-tresor.fr\/wp-content\/uploads\/2014\/09\/Liste_oiseaux_RNRTresor_2014_OK.pdf\" target=\"_blank\">Vogels<\/a><\/li>\n<li><a href=\"http:\/\/www.reserve-tresor.fr\/wp-content\/uploads\/2014\/09\/liste_poissons_RNRTresor2014_OK.pdf\" target=\"_blank\">Vissen<\/a><\/li>\n<li><a href=\"http:\/\/www.reserve-tresor.fr\/wp-content\/uploads\/2014\/09\/Liste-des-mammif\u00e8res-non-volants_RNRTresor2014_OK.pdf\" target=\"_blank\">Niet-vliegende zoogdieren<\/a><\/li>\n<\/ul>\n<div id=\"attachment_449\" style=\"width: 659px\" class=\"wp-caption aligncenter\"><a href=\"http:\/\/www.reserve-tresor.fr\/wp-content\/uploads\/2014\/05\/Polychrus-marmoratus-\u00a9-S.Barrioz.jpg\"><img loading=\"lazy\" decoding=\"async\" aria-describedby=\"caption-attachment-449\" class=\"size-article_large wp-image-449\" src=\"http:\/\/www.reserve-tresor.fr\/wp-content\/uploads\/2014\/05\/Polychrus-marmoratus-\u00a9-S.Barrioz-649x432.jpg\" alt=\"Un l\u00e9zard arboricole des lisi\u00e8res de for\u00eat, Polychrus marmoratus\" width=\"649\" height=\"432\" srcset=\"https:\/\/www.reserve-tresor.fr\/wp-content\/uploads\/2014\/05\/Polychrus-marmoratus-\u00a9-S.Barrioz-649x432.jpg 649w, https:\/\/www.reserve-tresor.fr\/wp-content\/uploads\/2014\/05\/Polychrus-marmoratus-\u00a9-S.Barrioz-300x200.jpg 300w, https:\/\/www.reserve-tresor.fr\/wp-content\/uploads\/2014\/05\/Polychrus-marmoratus-\u00a9-S.Barrioz-1024x682.jpg 1024w, https:\/\/www.reserve-tresor.fr\/wp-content\/uploads\/2014\/05\/Polychrus-marmoratus-\u00a9-S.Barrioz-200x133.jpg 200w, https:\/\/www.reserve-tresor.fr\/wp-content\/uploads\/2014\/05\/Polychrus-marmoratus-\u00a9-S.Barrioz-1276x848.jpg 1276w, https:\/\/www.reserve-tresor.fr\/wp-content\/uploads\/2014\/05\/Polychrus-marmoratus-\u00a9-S.Barrioz-380x253.jpg 380w, https:\/\/www.reserve-tresor.fr\/wp-content\/uploads\/2014\/05\/Polychrus-marmoratus-\u00a9-S.Barrioz.jpg 1417w\" sizes=\"auto, (max-width: 649px) 100vw, 649px\" \/><\/a><\/p>\n<p id=\"caption-attachment-449\" class=\"wp-caption-text\">Een boomhagedis die leeft in bosranden (<em>Polychrus marmoratus<\/em>)<\/p>\n<\/div>\n","protected":false},"excerpt":{"rendered":"<p>Amfibie\u00ebn en reptielen Flora Vleermuizen Vogels Vissen Niet-vliegende zoogdieren<\/p>\n","protected":false},"author":2,"featured_media":0,"parent":980,"menu_order":0,"comment_status":"open","ping_status":"closed","template":"","meta":{"_acf_changed":false,"footnotes":""},"class_list":["post-981","page","type-page","status-publish","hentry"],"acf":[],"_links":{"self":[{"href":"https:\/\/www.reserve-tresor.fr\/nl\/wp-json\/wp\/v2\/pages\/981","targetHints":{"allow":["GET"]}}],"collection":[{"href":"https:\/\/www.reserve-tresor.fr\/nl\/wp-json\/wp\/v2\/pages"}],"about":[{"href":"https:\/\/www.reserve-tresor.fr\/nl\/wp-json\/wp\/v2\/types\/page"}],"author":[{"embeddable":true,"href":"https:\/\/www.reserve-tresor.fr\/nl\/wp-json\/wp\/v2\/users\/2"}],"replies":[{"embeddable":true,"href":"https:\/\/www.reserve-tresor.fr\/nl\/wp-json\/wp\/v2\/comments?post=981"}],"version-history":[{"count":0,"href":"https:\/\/www.reserve-tresor.fr\/nl\/wp-json\/wp\/v2\/pages\/981\/revisions"}],"up":[{"embeddable":true,"href":"https:\/\/www.reserve-tresor.fr\/nl\/wp-json\/wp\/v2\/pages\/980"}],"wp:attachment":[{"href":"https:\/\/www.reserve-tresor.fr\/nl\/wp-json\/wp\/v2\/media?parent=981"}],"curies":[{"name":"wp","href":"https:\/\/api.w.org\/{rel}","templated":true}]}}